{"id":33194,"date":"2025-01-29T17:06:32","date_gmt":"2025-01-29T15:06:32","guid":{"rendered":"https:\/\/www.clinichelena.com\/?page_id=33194"},"modified":"2025-02-14T12:44:30","modified_gmt":"2025-02-14T10:44:30","slug":"nenan-ja-korvien-muotoilu","status":"publish","type":"page","link":"https:\/\/www.clinichelena.com\/fi\/korjaava-plastiikkakirurgia\/nenan-ja-korvien-muotoilu\/","title":{"rendered":"Nen\u00e4n ja korvien muotoilu"},"content":{"rendered":"\n<h1 class=\"wp-block-heading has--font-size\">Nen\u00e4n ja korvien muotoilu<\/h1>\n\n\n\n<p>Mik\u00e4li nen\u00e4- tai korvaleikkaukselle on l\u00e4\u00e4ketieteellinen peruste, kuten hengitysvaikeudet, synnynn\u00e4inen rakennepoikkeama tai psyykkist\u00e4 haittaa aiheuttava kehitysh\u00e4iri\u00f6, toimenpide voi olla arvonlis\u00e4veroton (ALV 0 %). L\u00e4\u00e4k\u00e4rin arvio m\u00e4\u00e4ritt\u00e4\u00e4, onko leikkaus terveydenhuollon palvelu vai esteettinen toimenpide.<\/p>\n\n\n<style>.wp-block-kadence-advancedheading.kt-adv-heading33194_b9dc93-64, .wp-block-kadence-advancedheading.kt-adv-heading33194_b9dc93-64[data-kb-block=\"kb-adv-heading33194_b9dc93-64\"]{font-style:normal;}.wp-block-kadence-advancedheading.kt-adv-heading33194_b9dc93-64 mark.kt-highlight, .wp-block-kadence-advancedheading.kt-adv-heading33194_b9dc93-64[data-kb-block=\"kb-adv-heading33194_b9dc93-64\"] mark.kt-highlight{font-style:normal;color:#f76a0c;-webkit-box-decoration-break:clone;box-decoration-break:clone;padding-top:0px;padding-right:0px;padding-bottom:0px;padding-left:0px;}<\/style>\n<h2 class=\"kt-adv-heading33194_b9dc93-64 wp-block-kadence-advancedheading\" data-kb-block=\"kb-adv-heading33194_b9dc93-64\">Rhinoplastia helpottaa hengitt\u00e4mist\u00e4<\/h2>\n\n\n\n<figure class=\"wp-block-image alignleft size-large\"><a href=\"https:\/\/www.clinichelena.com\/wp-content\/uploads\/2014\/06\/aesthetic.jpg\"><img decoding=\"async\" src=\"https:\/\/www.clinichelena.com\/wp-content\/uploads\/2020\/11\/47-300x300.jpg\" alt=\"kasvojen korjavaa plastiikkakirurgiaa voi olla esimerkikssi bleafroplastia\"\/><\/a><\/figure>\n\n\n\n<p>Nen\u00e4n rakenteelliset ongelmat, kuten synnynn\u00e4iset ep\u00e4muodostumat, vammat tai hengityst\u00e4 haittaavat poikkeamat, voivat heikent\u00e4\u00e4 el\u00e4m\u00e4nlaatua ja aiheuttaa terveysongelmia. Nen\u00e4leikkaus (Rhinoplastia) voi olla l\u00e4\u00e4ketieteellisesti tarpeellinen esimerkiksi silloin, kun nen\u00e4n v\u00e4lisein\u00e4n vinous tai ahtautuneet sieraink\u00e4yt\u00e4v\u00e4t vaikeuttavat hengityst\u00e4.<\/p>\n\n\n\n<p>Toimenpide tehd\u00e4\u00e4n nukutuksessa, ja leikkauksen j\u00e4lkeen potilas viett\u00e4\u00e4 y\u00f6n her\u00e4\u00e4m\u00f6ss\u00e4. Nen\u00e4n tukemiseksi asetetaan tarvittaessa nen\u00e4lasta, joka poistetaan viikon kuluttua. Toipumiseen suositellaan noin kolmen viikon rauhallista jaksoa, ja lopullinen tulos n\u00e4kyy useiden kuukausien kuluessa.<\/p>\n\n\n\n<h2 class=\"wp-block-heading\">Nen\u00e4n rekonstruktiot<\/h2>\n\n\n\n<p><b>Rhinofyma<\/b> on ulkoisen nen\u00e4n ik\u00e4v\u00e4 liikakasvu. Sy\u00f6v\u00e4n tai esimerkiksi palovamman takia voidaan joutua rakentamaan koko nen\u00e4 uudelleen. Rhinofyman paras hoito on kuoria koko nen\u00e4n pinta pois ja rakentaa se uudelleen joko otsakielekkeell\u00e4 tai ihonsiirrolla.<\/p>\n\n\n\n<p>Koko ulkoinen nen\u00e4 voidaan rakentaa uudelleen esim. otsakielekkeell\u00e4. Nen\u00e4n v\u00e4lisein\u00e4tuki otetaan lantion luusta (cristasta) ja rustotuki korvalehdest\u00e4. Nen\u00e4n sis\u00e4osan ihon joutuu yleens\u00e4 korvaamaan ihonsiirteell\u00e4. Toiminnallisesti nen\u00e4 ei t\u00e4ll\u00f6in entiseen tapaan kostuta sis\u00e4\u00e4nhengitysilmaa, mutta esteettinen tulos on tyydytt\u00e4v\u00e4.<\/p>\n\n\n\n<p>Nen\u00e4n tai esim. suun voi rakentaa niin sanottuna prefabrikoituna kielekkeen\u00e4. Rusto- limakalvo- ja luusiirteill\u00e4 valmistellaan nen\u00e4 esimerkiksi kyyn\u00e4rvarteen ja siirret\u00e4\u00e4n sitten valmiina mikrokirugisena siirteen\u00e4 paikalleen. T\u00e4ll\u00f6in kasvojen alueelta tulee l\u00f6yty\u00e4 hyv\u00e4t verta tuovat verisuonet, joihin siirre voidaan yhdist\u00e4\u00e4. N\u00e4in voidaan v\u00e4hent\u00e4\u00e4 kasvojen alueelle tulevia arpia.<\/p>\n\n\n<style>.wp-block-kadence-advancedheading.kt-adv-heading33194_d3874d-5f, .wp-block-kadence-advancedheading.kt-adv-heading33194_d3874d-5f[data-kb-block=\"kb-adv-heading33194_d3874d-5f\"]{font-style:normal;}.wp-block-kadence-advancedheading.kt-adv-heading33194_d3874d-5f mark.kt-highlight, .wp-block-kadence-advancedheading.kt-adv-heading33194_d3874d-5f[data-kb-block=\"kb-adv-heading33194_d3874d-5f\"] mark.kt-highlight{font-style:normal;color:#f76a0c;-webkit-box-decoration-break:clone;box-decoration-break:clone;padding-top:0px;padding-right:0px;padding-bottom:0px;padding-left:0px;}<\/style>\n<h2 class=\"kt-adv-heading33194_d3874d-5f wp-block-kadence-advancedheading\" data-kb-block=\"kb-adv-heading33194_d3874d-5f\">H\u00f6r\u00f6korvaleikkaus<\/h2>\n\n\n\n<figure class=\"wp-block-image alignright size-custom-square\"><a href=\"https:\/\/www.clinichelena.com\/wp-content\/uploads\/2020\/09\/Other-treatments-otapostasis-scaled.jpg\"><img loading=\"lazy\" decoding=\"async\" width=\"300\" height=\"300\" src=\"https:\/\/www.clinichelena.com\/wp-content\/uploads\/2020\/09\/Other-treatments-otapostasis-scaled-300x300.jpg\" alt=\"Muut hoidot - h\u00f6r\u00f6korvat\" class=\"wp-image-17807\" srcset=\"https:\/\/www.clinichelena.com\/wp-content\/uploads\/2020\/09\/Other-treatments-otapostasis-300x300.jpg 300w, https:\/\/www.clinichelena.com\/wp-content\/uploads\/2020\/09\/Other-treatments-otapostasis-scaled-150x150.jpg 150w, https:\/\/www.clinichelena.com\/wp-content\/uploads\/2020\/09\/Other-treatments-otapostasis-520x520.jpg 520w, https:\/\/www.clinichelena.com\/wp-content\/uploads\/2020\/09\/Other-treatments-otapostasis-255x255.jpg 255w\" sizes=\"auto, (max-width: 300px) 100vw, 300px\" \/><\/a><\/figure>\n\n\n\n<p>Korvan rakenteelliset poikkeamat, kuten concha-kupin suurentunut koko tai puuttuva taitepoimu, voivat aiheuttaa sek\u00e4 fyysist\u00e4 ett\u00e4 psyykkist\u00e4 haittaa. H\u00f6r\u00f6korvassa ulkokorvan kehitys on j\u00e4\u00e4nyt kesken, niin sanottu antihelix-poimu voi puuttua kokonaan. Korjaustoimenpiteess\u00e4 rusto taivutetaan normaaliin muotoonsa.<\/p>\n\n\n\n<p style=\"padding-top:var(--wp--preset--spacing--40);padding-bottom:var(--wp--preset--spacing--40)\"> H\u00f6r\u00f6korvaleikkaus on l\u00e4\u00e4ketieteellisesti perusteltu toimenpide erityisesti lapsilla, joille korvan poikkeava muoto voi olla henkisesti kuormittavaa. Leikkaus tehd\u00e4\u00e4n aikuisilla paikallispuudutuksessa ja lapsilla nukutuksessa. Haavat j\u00e4\u00e4v\u00e4t huomaamattomasti korvalehden taakse. . Leikkauksen j\u00e4lkeen suosittelemme tukemaan korvien asentoa otsapannan avulla 2 viikon ajan. T\u00e4h\u00e4n voi k\u00e4ytt\u00e4\u00e4 normaalia urheilupantaa. Ompeleet poistetaan 8\u201310 p\u00e4iv\u00e4n kuluttua, ja normaali liikkuminen on sallittua heti leikkauksen j\u00e4lkeen.<\/p>\n\n\n\n<h2 class=\"wp-block-heading\">Korvan rekonstruktiot<\/h2>\n\n\n\n<p><b>Mikrotia<\/b> on tilanne, jossa korva voi joko kokonaan tai osittain puuttua. Usein potilaalta puuttuu my\u00f6s sis\u00e4korva, joten ainoastaan luunjohtumiskuulo on olemassa. T\u00e4t\u00e4kin voidaan k\u00e4ytt\u00e4\u00e4 hyv\u00e4ksi siihen erityisesti valmistelluilla ja implantoiduilla kuulokojeilla.<\/p>\n\n\n\n<p>Ulkokorva voidaan rakentaa omilla kudoksilla kylkiluurustoista tai keinomateriaalista. Omilla kudoksilla tehty korvarekonstruktio on kaksivaiheinen. Kun p\u00e4\u00e4 on kasvanut l\u00e4hes normaali kokoiseksi alle 10 vuoden i\u00e4ss\u00e4, muotoillaan korvan aihio ihon alle omalle paikalleen kylkiluurustoista. Sen parannuttua noin puolen vuoden kuluttua irrotetaan korvan aihio ja muotoillaan korvalehti.<\/p>\n\n\n\n<section class=\"wp-block-uagb-columns uagb-columns__wrap uagb-columns__background-none uagb-columns__stack-mobile uagb-columns__valign- uagb-columns__gap-10 align uagb-block-120f5fdb uagb-columns__columns-4 uagb-columns__max_width-theme\"><div class=\"uagb-columns__overlay\"><\/div><div class=\"uagb-columns__inner-wrap uagb-columns__columns-4\">\n<div class=\"wp-block-uagb-column uagb-column__wrap uagb-column__background-undefined uagb-block-11580b77\"><div class=\"uagb-column__overlay\"><\/div>\n<figure class=\"wp-block-image size-custom-square\"><a href=\"https:\/\/www.clinichelena.com\/wp-content\/uploads\/2020\/09\/Other-treatments-Mikrotia-ear-reconstruktion-pre-op.jpg\"><img loading=\"lazy\" decoding=\"async\" width=\"300\" height=\"300\" src=\"https:\/\/www.clinichelena.com\/wp-content\/uploads\/2020\/09\/Other-treatments-Mikrotia-ear-reconstruktion-pre-op-300x300.jpg\" alt=\"Muut hoidot - Mikrotia, korvan rekonstruktio\" class=\"wp-image-17801\" srcset=\"https:\/\/www.clinichelena.com\/wp-content\/uploads\/2020\/09\/Other-treatments-Mikrotia-ear-reconstruktion-pre-op-300x300.jpg 300w, https:\/\/www.clinichelena.com\/wp-content\/uploads\/2020\/09\/Other-treatments-Mikrotia-ear-reconstruktion-pre-op-150x150.jpg 150w, https:\/\/www.clinichelena.com\/wp-content\/uploads\/2020\/09\/Other-treatments-Mikrotia-ear-reconstruktion-pre-op-520x520.jpg 520w, https:\/\/www.clinichelena.com\/wp-content\/uploads\/2020\/09\/Other-treatments-Mikrotia-ear-reconstruktion-pre-op-255x255.jpg 255w\" sizes=\"auto, (max-width: 300px) 100vw, 300px\" \/><\/a><\/figure>\n<\/div>\n\n\n\n<div class=\"wp-block-uagb-column uagb-column__wrap uagb-column__background-undefined uagb-block-4a8f78e1\"><div class=\"uagb-column__overlay\"><\/div>\n<figure class=\"wp-block-image size-custom-square\"><a href=\"https:\/\/www.clinichelena.com\/wp-content\/uploads\/2020\/08\/Other-treatments-Mikrotia-korvan-rustoaihio-tehty-potilaan-kylkiluista-1-rotated.jpg\"><img loading=\"lazy\" decoding=\"async\" width=\"300\" height=\"300\" src=\"https:\/\/www.clinichelena.com\/wp-content\/uploads\/2020\/08\/Other-treatments-Mikrotia-korvan-rustoaihio-tehty-potilaan-kylkiluista-1-300x300.jpg\" alt=\"Muut hoidot - Mikrotia, korvan rustoaihio potilaan kylkiluista\" class=\"wp-image-17285\" srcset=\"https:\/\/www.clinichelena.com\/wp-content\/uploads\/2020\/08\/Other-treatments-Mikrotia-korvan-rustoaihio-tehty-potilaan-kylkiluista-1-300x300.jpg 300w, https:\/\/www.clinichelena.com\/wp-content\/uploads\/2020\/08\/Other-treatments-Mikrotia-korvan-rustoaihio-tehty-potilaan-kylkiluista-1-150x150.jpg 150w, https:\/\/www.clinichelena.com\/wp-content\/uploads\/2020\/08\/Other-treatments-Mikrotia-korvan-rustoaihio-tehty-potilaan-kylkiluista-1-520x520.jpg 520w, https:\/\/www.clinichelena.com\/wp-content\/uploads\/2020\/08\/Other-treatments-Mikrotia-korvan-rustoaihio-tehty-potilaan-kylkiluista-1-255x255.jpg 255w\" sizes=\"auto, (max-width: 300px) 100vw, 300px\" \/><\/a><\/figure>\n<\/div>\n\n\n\n<div class=\"wp-block-uagb-column uagb-column__wrap uagb-column__background-undefined uagb-block-5ea9a4ef\"><div class=\"uagb-column__overlay\"><\/div>\n<figure class=\"wp-block-image size-custom-square\"><a href=\"https:\/\/www.clinichelena.com\/wp-content\/uploads\/2025\/01\/Nimeton-malli-9-2.jpg\"><img loading=\"lazy\" decoding=\"async\" width=\"300\" height=\"300\" src=\"https:\/\/www.clinichelena.com\/wp-content\/uploads\/2025\/01\/Nimeton-malli-9-2-300x300.jpg\" alt=\"\" class=\"wp-image-33275\" srcset=\"https:\/\/www.clinichelena.com\/wp-content\/uploads\/2025\/01\/Nimeton-malli-9-2-300x300.jpg 300w, https:\/\/www.clinichelena.com\/wp-content\/uploads\/2025\/01\/Nimeton-malli-9-2-150x150.jpg 150w, https:\/\/www.clinichelena.com\/wp-content\/uploads\/2025\/01\/Nimeton-malli-9-2.jpg 392w\" sizes=\"auto, (max-width: 300px) 100vw, 300px\" \/><\/a><\/figure>\n<\/div>\n\n\n\n<div class=\"wp-block-uagb-column uagb-column__wrap uagb-column__background-undefined uagb-block-4ddd74fa\"><div class=\"uagb-column__overlay\"><\/div>\n<figure class=\"wp-block-image size-custom-square\"><a href=\"https:\/\/www.clinichelena.com\/wp-content\/uploads\/2020\/09\/Other-treatments-Mikrotia-korvan-lopullinen-muotoilu.jpg\"><img loading=\"lazy\" decoding=\"async\" width=\"300\" height=\"300\" src=\"https:\/\/www.clinichelena.com\/wp-content\/uploads\/2020\/09\/Other-treatments-Mikrotia-korvan-lopullinen-muotoilu-300x300.jpg\" alt=\"Muut hoidot - Mikrotia korvan lopullinen muotoilu\" class=\"wp-image-17795\" srcset=\"https:\/\/www.clinichelena.com\/wp-content\/uploads\/2020\/09\/Other-treatments-Mikrotia-korvan-lopullinen-muotoilu-300x300.jpg 300w, https:\/\/www.clinichelena.com\/wp-content\/uploads\/2020\/09\/Other-treatments-Mikrotia-korvan-lopullinen-muotoilu-150x150.jpg 150w, https:\/\/www.clinichelena.com\/wp-content\/uploads\/2020\/09\/Other-treatments-Mikrotia-korvan-lopullinen-muotoilu-520x520.jpg 520w, https:\/\/www.clinichelena.com\/wp-content\/uploads\/2020\/09\/Other-treatments-Mikrotia-korvan-lopullinen-muotoilu-255x255.jpg 255w\" sizes=\"auto, (max-width: 300px) 100vw, 300px\" \/><\/a><\/figure>\n<\/div>\n<\/div><\/section>\n\n\n\n<p><em><span style=\"font-weight: 400;\">Kuvassa kylkiluurustosta tehty korvan aihio, josta rakennetaan ulkokorva (Plastiikkakirurgi Jorma Rautio)<\/span><\/em><\/p>\n\n\n\n<section class=\"wp-block-uagb-section uagb-section__wrap uagb-section__background-color uagb-block-3d2fffef uag-hide-mob\"><div class=\"uagb-section__overlay\"><\/div><div class=\"uagb-section__inner-wrap\">\n<h2 class=\"wp-block-heading\">Nopeasti tutkimuksiin ja hoitoon <\/h2>\n\n\n\n<p>Jos haluat kuulla hoitovaihtoehdoista ja l\u00f6yt\u00e4\u00e4 sinulle sopivimman toimenpiteen, voit varata ajan ilmaiseen hoitajan konsultaatioon tai suoraan Helena Puontin vastaanotolle, nopeasti ilman l\u00e4hetett\u00e4.<\/p>\n\n\n\n<h4 class=\"wp-block-heading\">Miksi valita Clinic Helena:<\/h4>\n\n\n\n<ul class=\"wp-block-list\">\n<li>Maailmanluokan osaaminen ja vuosikymmenten kokemus nykyaikaisista kirurgisista hoitomenetelmist\u00e4.<\/li>\n\n\n\n<li>Helena Puontin asiantunteva l\u00e4hestymistapa ja nopea hoitoon p\u00e4\u00e4sy.<\/li>\n\n\n\n<li>Tampereelle on helppo saapua mist\u00e4 p\u00e4in Suomea tahansa.<\/li>\n\n\n\n<li>Teemme ty\u00f6t\u00e4 syd\u00e4mell\u00e4 ja olemme rinnallasi koko hoitopolun ajan, auttaen Sinua voimaan paremmin.<\/li>\n<\/ul>\n\n\n\n<div class=\"wp-block-uagb-buttons uagb-buttons__outer-wrap uagb-btn__default-btn uagb-btn-tablet__default-btn uagb-btn-mobile__default-btn uagb-block-aaaee149\"><div class=\"uagb-buttons__wrap uagb-buttons-layout-wrap \">\n<div class=\"wp-block-uagb-buttons-child uagb-buttons__outer-wrap uagb-block-05b51c49 wp-block-button\"><div class=\"uagb-button__wrapper\"><a class=\"uagb-buttons-repeater wp-block-button__link\" aria-label=\"\" href=\"https:\/\/www.clinichelena.com\/fi\/yhteystiedot\/\" rel=\"follow noopener\" target=\"_self\" role=\"button\"><div class=\"uagb-button__link\">Ota yhteytt\u00e4<\/div><\/a><\/div><\/div>\n\n\n\n<div class=\"wp-block-uagb-buttons-child uagb-buttons__outer-wrap uagb-block-145f3d38 wp-block-button\"><div class=\"uagb-button__wrapper\"><a class=\"uagb-buttons-repeater wp-block-button__link\" aria-label=\"\" href=\"tel:+358442378021\" rel=\"follow noopener\" target=\"_self\" role=\"button\"><div class=\"uagb-button__link\">050 570 8720<\/div><\/a><\/div><\/div>\n<\/div><\/div>\n<\/div><\/section>\n\n\n\n<p><\/p>\n","protected":false},"excerpt":{"rendered":"<p>Nen\u00e4n ja korvien muotoilu Mik\u00e4li nen\u00e4- tai korvaleikkaukselle on l\u00e4\u00e4ketieteellinen peruste, kuten hengitysvaikeudet, synnynn\u00e4inen rakennepoikkeama tai psyykkist\u00e4 haittaa aiheuttava kehitysh\u00e4iri\u00f6, toimenpide voi olla arvonlis\u00e4veroton (ALV 0 %). L\u00e4\u00e4k\u00e4rin arvio m\u00e4\u00e4ritt\u00e4\u00e4, onko leikkaus terveydenhuollon palvelu vai [&hellip;]<\/p>\n","protected":false},"author":17,"featured_media":0,"parent":18066,"menu_order":0,"comment_status":"closed","ping_status":"closed","template":"","meta":{"_uag_custom_page_level_css":"","_kad_blocks_custom_css":"","_kad_blocks_head_custom_js":"","_kad_blocks_body_custom_js":"","_kad_blocks_footer_custom_js":"","site-sidebar-layout":"left-sidebar","site-content-layout":"","ast-site-content-layout":"normal-width-container","site-content-style":"default","site-sidebar-style":"default","ast-global-header-display":"","ast-banner-title-visibility":"","ast-main-header-display":"","ast-hfb-above-header-display":"","ast-hfb-below-header-display":"","ast-hfb-mobile-header-display":"","site-post-title":"disabled","ast-breadcrumbs-content":"","ast-featured-img":"","footer-sml-layout":"","theme-transparent-header-meta":"","adv-header-id-meta":"","stick-header-meta":"","header-above-stick-meta":"","header-main-stick-meta":"","header-below-stick-meta":"","astra-migrate-meta-layouts":"set","ast-page-background-enabled":"default","ast-page-background-meta":{"desktop":{"background-color":"","background-image":"","background-repeat":"repeat","background-position":"center center","background-size":"auto","background-attachment":"scroll","background-type":"","background-media":"","overlay-type":"","overlay-color":"","overlay-opacity":"","overlay-gradient":""},"tablet":{"background-color":"","background-image":"","background-repeat":"repeat","background-position":"center center","background-size":"auto","background-attachment":"scroll","background-type":"","background-media":"","overlay-type":"","overlay-color":"","overlay-opacity":"","overlay-gradient":""},"mobile":{"background-color":"","background-image":"","background-repeat":"repeat","background-position":"center center","background-size":"auto","background-attachment":"scroll","background-type":"","background-media":"","overlay-type":"","overlay-color":"","overlay-opacity":"","overlay-gradient":""}},"ast-content-background-meta":{"desktop":{"background-color":"var(--ast-global-color-5)","background-image":"","background-repeat":"repeat","background-position":"center center","background-size":"auto","background-attachment":"scroll","background-type":"","background-media":"","overlay-type":"","overlay-color":"","overlay-opacity":"","overlay-gradient":""},"tablet":{"background-color":"var(--ast-global-color-5)","background-image":"","background-repeat":"repeat","background-position":"center center","background-size":"auto","background-attachment":"scroll","background-type":"","background-media":"","overlay-type":"","overlay-color":"","overlay-opacity":"","overlay-gradient":""},"mobile":{"background-color":"var(--ast-global-color-5)","background-image":"","background-repeat":"repeat","background-position":"center center","background-size":"auto","background-attachment":"scroll","background-type":"","background-media":"","overlay-type":"","overlay-color":"","overlay-opacity":"","overlay-gradient":""}},"footnotes":""},"class_list":["post-33194","page","type-page","status-publish","hentry"],"yoast_head":"<!-- This site is optimized with the Yoast SEO plugin v26.6 - https:\/\/yoast.com\/wordpress\/plugins\/seo\/ -->\n<title>Nen\u00e4n ja korvien muotoilu - Clinic Helena<\/title>\n<meta name=\"description\" content=\"Nen\u00e4n ja korvien muotoilu parantaa kasvojen symmetriaa ja ulkon\u00e4k\u00f6\u00e4. Toimenpiteet voivat my\u00f6s kohentaa itsetuntoa.\" \/>\n<meta name=\"robots\" content=\"index, follow, max-snippet:-1, max-image-preview:large, max-video-preview:-1\" \/>\n<link rel=\"canonical\" href=\"https:\/\/www.clinichelena.com\/fi\/korjaava-plastiikkakirurgia\/nenan-ja-korvien-muotoilu\/\" \/>\n<meta property=\"og:locale\" content=\"fi_FI\" \/>\n<meta property=\"og:type\" content=\"article\" \/>\n<meta property=\"og:title\" content=\"Nen\u00e4n ja korvien muotoilu - Clinic Helena\" \/>\n<meta property=\"og:description\" content=\"Nen\u00e4n ja korvien muotoilu parantaa kasvojen symmetriaa ja ulkon\u00e4k\u00f6\u00e4. Toimenpiteet voivat my\u00f6s kohentaa itsetuntoa.\" \/>\n<meta property=\"og:url\" content=\"https:\/\/www.clinichelena.com\/fi\/korjaava-plastiikkakirurgia\/nenan-ja-korvien-muotoilu\/\" \/>\n<meta property=\"og:site_name\" content=\"Clinic Helena\" \/>\n<meta property=\"article:modified_time\" content=\"2025-02-14T10:44:30+00:00\" \/>\n<meta property=\"og:image\" content=\"https:\/\/www.clinichelena.com\/wp-content\/uploads\/2020\/11\/47-300x300.jpg\" \/>\n<meta name=\"twitter:card\" content=\"summary_large_image\" \/>\n<meta name=\"twitter:label1\" content=\"Arvioitu lukuaika\" \/>\n\t<meta name=\"twitter:data1\" content=\"6 minuuttia\" \/>\n<script type=\"application\/ld+json\" class=\"yoast-schema-graph\">{\"@context\":\"https:\/\/schema.org\",\"@graph\":[{\"@type\":[\"WebPage\",\"MedicalWebPage\"],\"@id\":\"https:\/\/www.clinichelena.com\/fi\/korjaava-plastiikkakirurgia\/nenan-ja-korvien-muotoilu\/\",\"url\":\"https:\/\/www.clinichelena.com\/fi\/korjaava-plastiikkakirurgia\/nenan-ja-korvien-muotoilu\/\",\"name\":\"Nen\u00e4n ja korvien muotoilu - Clinic Helena\",\"isPartOf\":{\"@id\":\"https:\/\/www.clinichelena.com\/fi\/#website\"},\"primaryImageOfPage\":{\"@id\":\"https:\/\/www.clinichelena.com\/fi\/korjaava-plastiikkakirurgia\/nenan-ja-korvien-muotoilu\/#primaryimage\"},\"image\":{\"@id\":\"https:\/\/www.clinichelena.com\/fi\/korjaava-plastiikkakirurgia\/nenan-ja-korvien-muotoilu\/#primaryimage\"},\"thumbnailUrl\":\"https:\/\/www.clinichelena.com\/wp-content\/uploads\/2020\/11\/47-300x300.jpg\",\"datePublished\":\"2025-01-29T15:06:32+00:00\",\"dateModified\":\"2025-02-14T10:44:30+00:00\",\"description\":\"Nen\u00e4n ja korvien muotoilu parantaa kasvojen symmetriaa ja ulkon\u00e4k\u00f6\u00e4. Toimenpiteet voivat my\u00f6s kohentaa itsetuntoa.\",\"breadcrumb\":{\"@id\":\"https:\/\/www.clinichelena.com\/fi\/korjaava-plastiikkakirurgia\/nenan-ja-korvien-muotoilu\/#breadcrumb\"},\"inLanguage\":\"fi\",\"potentialAction\":[{\"@type\":\"ReadAction\",\"target\":[\"https:\/\/www.clinichelena.com\/fi\/korjaava-plastiikkakirurgia\/nenan-ja-korvien-muotoilu\/\"]}]},{\"@type\":\"ImageObject\",\"inLanguage\":\"fi\",\"@id\":\"https:\/\/www.clinichelena.com\/fi\/korjaava-plastiikkakirurgia\/nenan-ja-korvien-muotoilu\/#primaryimage\",\"url\":\"https:\/\/www.clinichelena.com\/wp-content\/uploads\/2020\/11\/47-300x300.jpg\",\"contentUrl\":\"https:\/\/www.clinichelena.com\/wp-content\/uploads\/2020\/11\/47-300x300.jpg\"},{\"@type\":\"BreadcrumbList\",\"@id\":\"https:\/\/www.clinichelena.com\/fi\/korjaava-plastiikkakirurgia\/nenan-ja-korvien-muotoilu\/#breadcrumb\",\"itemListElement\":[{\"@type\":\"ListItem\",\"position\":1,\"name\":\"Etusivu\",\"item\":\"https:\/\/www.clinichelena.com\/fi\/\"},{\"@type\":\"ListItem\",\"position\":2,\"name\":\"Korjaava kirurgia\",\"item\":\"https:\/\/www.clinichelena.com\/fi\/korjaava-plastiikkakirurgia\/\"},{\"@type\":\"ListItem\",\"position\":3,\"name\":\"Nen\u00e4n ja korvien muotoilu\"}]},{\"@type\":\"WebSite\",\"@id\":\"https:\/\/www.clinichelena.com\/fi\/#website\",\"url\":\"https:\/\/www.clinichelena.com\/fi\/\",\"name\":\"Clinic Helena\",\"description\":\"Your Breasts Matter\",\"publisher\":{\"@id\":\"https:\/\/www.clinichelena.com\/fi\/#organization\"},\"potentialAction\":[{\"@type\":\"SearchAction\",\"target\":{\"@type\":\"EntryPoint\",\"urlTemplate\":\"https:\/\/www.clinichelena.com\/fi\/?s={search_term_string}\"},\"query-input\":{\"@type\":\"PropertyValueSpecification\",\"valueRequired\":true,\"valueName\":\"search_term_string\"}}],\"inLanguage\":\"fi\"},{\"@type\":\"Organization\",\"@id\":\"https:\/\/www.clinichelena.com\/fi\/#organization\",\"name\":\"Klinikka Helena\",\"url\":\"https:\/\/www.clinichelena.com\/fi\/\",\"logo\":{\"@type\":\"ImageObject\",\"inLanguage\":\"fi\",\"@id\":\"https:\/\/www.clinichelena.com\/fi\/#\/schema\/logo\/image\/\",\"url\":\"https:\/\/www.clinichelena.com\/wp-content\/uploads\/2020\/11\/New-logo.png\",\"contentUrl\":\"https:\/\/www.clinichelena.com\/wp-content\/uploads\/2020\/11\/New-logo.png\",\"width\":950,\"height\":661,\"caption\":\"Klinikka Helena\"},\"image\":{\"@id\":\"https:\/\/www.clinichelena.com\/fi\/#\/schema\/logo\/image\/\"}}]}<\/script>\n<!-- \/ Yoast SEO plugin. -->","yoast_head_json":{"title":"Nen\u00e4n ja korvien muotoilu - Clinic Helena","description":"Nen\u00e4n ja korvien muotoilu parantaa kasvojen symmetriaa ja ulkon\u00e4k\u00f6\u00e4. Toimenpiteet voivat my\u00f6s kohentaa itsetuntoa.","robots":{"index":"index","follow":"follow","max-snippet":"max-snippet:-1","max-image-preview":"max-image-preview:large","max-video-preview":"max-video-preview:-1"},"canonical":"https:\/\/www.clinichelena.com\/fi\/korjaava-plastiikkakirurgia\/nenan-ja-korvien-muotoilu\/","og_locale":"fi_FI","og_type":"article","og_title":"Nen\u00e4n ja korvien muotoilu - Clinic Helena","og_description":"Nen\u00e4n ja korvien muotoilu parantaa kasvojen symmetriaa ja ulkon\u00e4k\u00f6\u00e4. Toimenpiteet voivat my\u00f6s kohentaa itsetuntoa.","og_url":"https:\/\/www.clinichelena.com\/fi\/korjaava-plastiikkakirurgia\/nenan-ja-korvien-muotoilu\/","og_site_name":"Clinic Helena","article_modified_time":"2025-02-14T10:44:30+00:00","og_image":[{"url":"https:\/\/www.clinichelena.com\/wp-content\/uploads\/2020\/11\/47-300x300.jpg","type":"","width":"","height":""}],"twitter_card":"summary_large_image","twitter_misc":{"Arvioitu lukuaika":"6 minuuttia"},"schema":{"@context":"https:\/\/schema.org","@graph":[{"@type":["WebPage","MedicalWebPage"],"@id":"https:\/\/www.clinichelena.com\/fi\/korjaava-plastiikkakirurgia\/nenan-ja-korvien-muotoilu\/","url":"https:\/\/www.clinichelena.com\/fi\/korjaava-plastiikkakirurgia\/nenan-ja-korvien-muotoilu\/","name":"Nen\u00e4n ja korvien muotoilu - Clinic Helena","isPartOf":{"@id":"https:\/\/www.clinichelena.com\/fi\/#website"},"primaryImageOfPage":{"@id":"https:\/\/www.clinichelena.com\/fi\/korjaava-plastiikkakirurgia\/nenan-ja-korvien-muotoilu\/#primaryimage"},"image":{"@id":"https:\/\/www.clinichelena.com\/fi\/korjaava-plastiikkakirurgia\/nenan-ja-korvien-muotoilu\/#primaryimage"},"thumbnailUrl":"https:\/\/www.clinichelena.com\/wp-content\/uploads\/2020\/11\/47-300x300.jpg","datePublished":"2025-01-29T15:06:32+00:00","dateModified":"2025-02-14T10:44:30+00:00","description":"Nen\u00e4n ja korvien muotoilu parantaa kasvojen symmetriaa ja ulkon\u00e4k\u00f6\u00e4. Toimenpiteet voivat my\u00f6s kohentaa itsetuntoa.","breadcrumb":{"@id":"https:\/\/www.clinichelena.com\/fi\/korjaava-plastiikkakirurgia\/nenan-ja-korvien-muotoilu\/#breadcrumb"},"inLanguage":"fi","potentialAction":[{"@type":"ReadAction","target":["https:\/\/www.clinichelena.com\/fi\/korjaava-plastiikkakirurgia\/nenan-ja-korvien-muotoilu\/"]}]},{"@type":"ImageObject","inLanguage":"fi","@id":"https:\/\/www.clinichelena.com\/fi\/korjaava-plastiikkakirurgia\/nenan-ja-korvien-muotoilu\/#primaryimage","url":"https:\/\/www.clinichelena.com\/wp-content\/uploads\/2020\/11\/47-300x300.jpg","contentUrl":"https:\/\/www.clinichelena.com\/wp-content\/uploads\/2020\/11\/47-300x300.jpg"},{"@type":"BreadcrumbList","@id":"https:\/\/www.clinichelena.com\/fi\/korjaava-plastiikkakirurgia\/nenan-ja-korvien-muotoilu\/#breadcrumb","itemListElement":[{"@type":"ListItem","position":1,"name":"Etusivu","item":"https:\/\/www.clinichelena.com\/fi\/"},{"@type":"ListItem","position":2,"name":"Korjaava kirurgia","item":"https:\/\/www.clinichelena.com\/fi\/korjaava-plastiikkakirurgia\/"},{"@type":"ListItem","position":3,"name":"Nen\u00e4n ja korvien muotoilu"}]},{"@type":"WebSite","@id":"https:\/\/www.clinichelena.com\/fi\/#website","url":"https:\/\/www.clinichelena.com\/fi\/","name":"Clinic Helena","description":"Your Breasts Matter","publisher":{"@id":"https:\/\/www.clinichelena.com\/fi\/#organization"},"potentialAction":[{"@type":"SearchAction","target":{"@type":"EntryPoint","urlTemplate":"https:\/\/www.clinichelena.com\/fi\/?s={search_term_string}"},"query-input":{"@type":"PropertyValueSpecification","valueRequired":true,"valueName":"search_term_string"}}],"inLanguage":"fi"},{"@type":"Organization","@id":"https:\/\/www.clinichelena.com\/fi\/#organization","name":"Klinikka Helena","url":"https:\/\/www.clinichelena.com\/fi\/","logo":{"@type":"ImageObject","inLanguage":"fi","@id":"https:\/\/www.clinichelena.com\/fi\/#\/schema\/logo\/image\/","url":"https:\/\/www.clinichelena.com\/wp-content\/uploads\/2020\/11\/New-logo.png","contentUrl":"https:\/\/www.clinichelena.com\/wp-content\/uploads\/2020\/11\/New-logo.png","width":950,"height":661,"caption":"Klinikka Helena"},"image":{"@id":"https:\/\/www.clinichelena.com\/fi\/#\/schema\/logo\/image\/"}}]}},"taxonomy_info":[],"featured_image_src_large":false,"author_info":{"display_name":"Reeta","author_link":"https:\/\/www.clinichelena.com\/fi\/author\/reeta-luoto\/"},"comment_info":"","uagb_featured_image_src":{"full":false,"thumbnail":false,"medium":false,"medium_large":false,"large":false,"1536x1536":false,"2048x2048":false,"custom-square":false},"uagb_author_info":{"display_name":"Reeta","author_link":"https:\/\/www.clinichelena.com\/fi\/author\/reeta-luoto\/"},"uagb_comment_info":0,"uagb_excerpt":"Nen\u00e4n ja korvien muotoilu Mik\u00e4li nen\u00e4- tai korvaleikkaukselle on l\u00e4\u00e4ketieteellinen peruste, kuten hengitysvaikeudet, synnynn\u00e4inen rakennepoikkeama tai psyykkist\u00e4 haittaa aiheuttava kehitysh\u00e4iri\u00f6, toimenpide voi olla arvonlis\u00e4veroton (ALV 0 %). L\u00e4\u00e4k\u00e4rin arvio m\u00e4\u00e4ritt\u00e4\u00e4, onko leikkaus terveydenhuollon palvelu vai [&hellip;]","_links":{"self":[{"href":"https:\/\/www.clinichelena.com\/fi\/wp-json\/wp\/v2\/pages\/33194","targetHints":{"allow":["GET"]}}],"collection":[{"href":"https:\/\/www.clinichelena.com\/fi\/wp-json\/wp\/v2\/pages"}],"about":[{"href":"https:\/\/www.clinichelena.com\/fi\/wp-json\/wp\/v2\/types\/page"}],"author":[{"embeddable":true,"href":"https:\/\/www.clinichelena.com\/fi\/wp-json\/wp\/v2\/users\/17"}],"replies":[{"embeddable":true,"href":"https:\/\/www.clinichelena.com\/fi\/wp-json\/wp\/v2\/comments?post=33194"}],"version-history":[{"count":8,"href":"https:\/\/www.clinichelena.com\/fi\/wp-json\/wp\/v2\/pages\/33194\/revisions"}],"predecessor-version":[{"id":33282,"href":"https:\/\/www.clinichelena.com\/fi\/wp-json\/wp\/v2\/pages\/33194\/revisions\/33282"}],"up":[{"embeddable":true,"href":"https:\/\/www.clinichelena.com\/fi\/wp-json\/wp\/v2\/pages\/18066"}],"wp:attachment":[{"href":"https:\/\/www.clinichelena.com\/fi\/wp-json\/wp\/v2\/media?parent=33194"}],"curies":[{"name":"wp","href":"https:\/\/api.w.org\/{rel}","templated":true}]}}